{"id":2443,"date":"2017-07-21T14:33:46","date_gmt":"2017-07-21T12:33:46","guid":{"rendered":"http:\/\/new.musicanet.org\/members\/active-members\/"},"modified":"2026-04-03T04:06:05","modified_gmt":"2026-04-03T02:06:05","slug":"active-members","status":"publish","type":"page","link":"https:\/\/www.musicanet.org\/en\/members\/active-members\/","title":{"rendered":"Active members"},"content":{"rendered":"<p>[et_pb_section fb_built=&#8221;1&#8243; _builder_version=&#8221;3.22&#8243; background_color=&#8221;rgba(236,240,245,0)&#8221; parallax=&#8221;on&#8221; custom_padding=&#8221;0px||0px|&#8221;][et_pb_row column_structure=&#8221;2_3,1_3&#8243; use_custom_gutter=&#8221;on&#8221; gutter_width=&#8221;2&#8243; _builder_version=&#8221;4.8.2&#8243; background_size=&#8221;initial&#8221; background_position=&#8221;top_left&#8221; background_repeat=&#8221;repeat&#8221; custom_padding=&#8221;||||false|false&#8221; make_fullwidth=&#8221;off&#8221; use_custom_width=&#8221;off&#8221; width_unit=&#8221;on&#8221;][et_pb_column type=&#8221;2_3&#8243; _builder_version=&#8221;3.25&#8243; custom_padding=&#8221;|||&#8221; custom_padding__hover=&#8221;|||&#8221;][et_pb_text admin_label=&#8221;Membres actifs (titre)&#8221; _builder_version=&#8221;4.9.10&#8243; text_font=&#8221;|||on|&#8221; text_text_color=&#8221;#FFFFFF&#8221; text_font_size=&#8221;18px&#8221; header_font=&#8221;|||on|&#8221; header_text_color=&#8221;#FFFFFF&#8221; header_font_size=&#8221;18px&#8221; header_line_height=&#8221;1.6em&#8221; background_color=&#8221;#ffffff&#8221; use_background_color_gradient=&#8221;on&#8221; background_color_gradient_start=&#8221;#f07125&#8243; background_color_gradient_end=&#8221;#f9aa44&#8243; background_color_gradient_direction=&#8221;68deg&#8221; background_size=&#8221;initial&#8221; background_position=&#8221;top_left&#8221; background_repeat=&#8221;repeat&#8221; custom_margin=&#8221;||0px||false|false&#8221; custom_padding=&#8221;20px|20px|5px|20px&#8221; text_text_shadow_style=&#8221;preset2&#8243; text_text_shadow_horizontal_length=&#8221;0.09em&#8221; text_text_shadow_vertical_length=&#8221;0.09em&#8221; text_text_shadow_blur_strength=&#8221;0.06em&#8221; border_radii=&#8221;off|5px|5px||&#8221; border_width_top=&#8221;1px&#8221; border_color_top=&#8221;rgba(229,85,0,0.9)&#8221; border_width_right=&#8221;1px&#8221; border_width_left=&#8221;1px&#8221; box_shadow_style=&#8221;preset2&#8243; box_shadow_horizontal=&#8221;3px&#8221; box_shadow_vertical=&#8221;3px&#8221; box_shadow_blur=&#8221;4px&#8221; box_shadow_color=&#8221;rgba(0,0,0,0.15)&#8221; border_style=&#8221;solid&#8221; saved_tabs=&#8221;all&#8221;]<span class=\"et-pb-icon et-waypoint et_pb_animation_top et-animated\" style=\"color: #ffffff; margin-right: 20px;\">\ue0fc<\/span><\/p>\n<h1>Active members<\/h1>\n<p>[\/et_pb_text][et_pb_text admin_label=&#8221;Description&#8221; _builder_version=&#8221;4.9.10&#8243; background_color=&#8221;#ffffff&#8221; text_orientation=&#8221;justified&#8221; custom_margin=&#8221;0px||20px||false|false&#8221; custom_padding=&#8221;16px|30px|20px|30px|false|false&#8221; hover_enabled=&#8221;0&#8243; custom_css_main_element=&#8221;border-top: 0px;&#8221; border_radii=&#8221;off|||5px|5px&#8221; border_width_all=&#8221;1px&#8221; border_color_all=&#8221;RGBA(240,113,37,0.6)&#8221; border_width_top=&#8221;0px&#8221; box_shadow_style=&#8221;preset2&#8243; box_shadow_horizontal=&#8221;3px&#8221; box_shadow_vertical=&#8221;3px&#8221; box_shadow_blur=&#8221;4px&#8221; box_shadow_color=&#8221;RGBA(0,0,0,0.15)&#8221; border_color=&#8221;#e02b20&#8243; border_width=&#8221;4px&#8221; border_style=&#8221;solid&#8221; sticky_enabled=&#8221;0&#8243;]<\/p>\n<h3>You can become an active member<\/h3>\n<p style=\"text-indent: 20px; margin-bottom: 0px;\">For choral federations, for music libraries, for publishers having more than 500 titles of choral music in their catalogue, and for foundations, the best solution is to be an active member.<\/p>\n<p style=\"text-indent: 20px;\">You will actively participate in the life and in the development of the association. You will have the right to vote at the annual general assembly. Active members get many advantages that are explained by request.<\/p>\n<div class=\"et_pb_button_module_wrapper et_pb_button_1_wrapper et_pb_button_alignment_center et_pb_module \"><a class=\"et_pb_button et_pb_button_1 et_pb_bg_layout_light\" href=\"mailto:contact@musicanet.org\">Contact us<\/a><\/div>\n\t<br \/>\n\t<h5 class=\"sep_titre\">Organisations Internationales<\/h5>\n\n\t<table width=\"100%\">\n\t\t<tbody>\n\t\t\t<tr>\n\t\t\t\t<td style=\"text-align: left;\" width=\"65%\"><strong><a href=\"https:\/\/ifcm.net\/\">International Federation for Choral Music (IFCM)<\/a><\/strong><br \/>\n\t\t\t\t\tPo box 42318, Austin TX 78704, USA<br \/>\n\t\t\t\t\tFax. : +1-512-5510105<br \/>\n\t\t\t\t\t<a href=\"mailto:office@ifcm.net\" target=\"_blank\" rel=\"noopener\">officeatifcm.net<\/a>\n\t\t\t\t<\/td>\n\t\t\t<\/tr>\n\t\t\t<tr>\n\t\t\t\t<td style=\"text-align: left;\" width=\"65%\"><strong><a href=\"http:\/\/www.europeanchoralassociation.org\/\">European Choral Association - Europa Cantat<\/a><\/strong><br \/>\n\t\t\t\tWeberstr. 59a, D-53113 Bonn Allemagne<br \/>\n\t\t\t\tTel. : (+49) 228 912 56 63<br \/>\n\t\t\t\tFax. : (+49) 228 912 56 58<br \/>\n\t\t\t\t<a href=\"mailto:infoateca-ec.org\" target=\"_blank\" rel=\"noopener\">info@eca-ec.org<\/a><\/td>\n\t\t\t<\/tr>\n\t\t\t<tr>\n\t\t\t<td style=\"text-align: left;\" width=\"65%\"><strong>A Coeur Joie International,<\/strong><br \/>\n\t\t\t\tLes Passerelles - 24 Avenue Joann\u00e8s Masset <br \/>\n\t\t\t\tBP-9261 69264 LYON France Cedex 09 <br \/>\n\t\t\t\tTel. : (+33) (0)4 72 19 83 40<br \/>\n\t\t\t\tFax. : (+33) (0)4 78 43 43 98<br \/>\n\t\t\t\t<a href=\"mailto:tthiebautatchoralies.org\" target=\"_blank\" rel=\"noopener\">tthiebautatchoralies.org<\/a><\/td>\n\t\t\t<\/tr>\n\t\n\t\t<\/tbody>\n\t<\/table>\n\t<br \/><br \/>\n\t\n\t<h5 class=\"sep_titre\">Autres organisations, class\u00e9es par pays<\/h5>\n\t\n\t<table width=\"100%\">\n\t\t<tbody>\n\t\t\t\t\t\t\t\t\t\t\t<tr>\n\t\t\t\t<td style=\"text-align: left;\" width=\"60%\"><strong><a href=\"http:\/\/www.chorverbandvlbg.at\/\"> Chorverband Vorarlberg<\/a> <\/strong><br>\n\t\t\t\t\tPostfach 21<br \/>\r\nA-6801 Feldkirch<br \/>\n\t\t\t\t\tTel. :0043 5522 84613<br>\t\t\t\t\t\t\t\t\t\t<a href=\"mailto:office@chorverbandvl.at\" target=\"_blank\" rel=\"noopener\">office@chorverbandvl.at<\/a><\/td>\n\t\t\t\t\t<td style=\"text-align: center;\" width=\"40%\">Austria<\/td>\n\t\t\t\t<\/tr>\n\t\t\t\t\t\t\t\t\t\t\t<tr>\n\t\t\t\t<td style=\"text-align: left;\" width=\"60%\"><strong><a href=\"http:\/\/www.helbling.com\/\"> Helbling Musikverlag KG<\/a> <\/strong><br>\n\t\t\t\t\tKaplanstra\u00dfe 9<br \/>\r\nPostfach 12<br \/>\r\n6063 Rum \/ Innsbruck<br \/>\n\t\t\t\t\tTel. :(+43) 0512 \/ 26 23 33-0 <br>\t\t\t\t\tFax. :(+43) 0512 \/ 26 23 33-111<br>\t\t\t\t\t<a href=\"mailto:office@helbling.co.at\" target=\"_blank\" rel=\"noopener\">office@helbling.co.at<\/a><\/td>\n\t\t\t\t\t<td style=\"text-align: center;\" width=\"40%\">Austria<\/td>\n\t\t\t\t<\/tr>\n\t\t\t\t\t\t\t\t\t\t\t<tr>\n\t\t\t\t<td style=\"text-align: left;\" width=\"60%\"><strong><a href=\"https:\/\/cavema.be\/fr\"> CAV&MA (Centre d'Art Vocal & de Musique Ancienne)<\/a> <\/strong><br>\n\t\t\t\t\tGrand Man\u00e8ge<br \/>\r\nRue Rogier, 82<br \/>\r\nB-5000 NAMUR<br \/>\n\t\t\t\t\tTel. :+32 (0)81 711 621  -  +32 (0)473 26 24 17<br>\t\t\t\t\t\t\t\t\t\t<a href=\"mailto:bibliotheque@cavema.be\" target=\"_blank\" rel=\"noopener\">bibliotheque@cavema.be<\/a><\/td>\n\t\t\t\t\t<td style=\"text-align: center;\" width=\"40%\">Belgium<\/td>\n\t\t\t\t<\/tr>\n\t\t\t\t\t\t\t\t\t\t\t<tr>\n\t\t\t\t<td style=\"text-align: left;\" width=\"60%\"><strong><a href=\"http:\/\/www.euprint.be\/\"> EUPRINT bvba<\/a> <\/strong><br>\n\t\t\t\t\tParkbosstraat 3<br \/>\r\nB-3001 Heverlee<br \/>\n\t\t\t\t\tTel. :+32-(0)16-40.40.49<br>\t\t\t\t\tFax. :+32-(0)16-40.70.49<br>\t\t\t\t\t<a href=\"mailto:info@euprint.be \" target=\"_blank\" rel=\"noopener\">info@euprint.be <\/a><\/td>\n\t\t\t\t\t<td style=\"text-align: center;\" width=\"40%\">Belgium<\/td>\n\t\t\t\t<\/tr>\n\t\t\t\t\t\t\t\t\t\t\t<tr>\n\t\t\t\t<td style=\"text-align: left;\" width=\"60%\"><strong><a href=\"http:\/\/www.acj.be\/\"> F\u00e9d\u00e9ration Chorale Wallonie-Bruxelles A C\u0153ur Joie<\/a> <\/strong><br>\n\t\t\t\t\tGrand Man\u00e8ge<br \/>\r\nRue Rogier, 82<br \/>\r\nB-5000 NAMUR<br \/>\n\t\t\t\t\tTel. :+32 (0)81 711 621  -  +32 (0)473 26 24 17<br>\t\t\t\t\t\t\t\t\t\t<a href=\"mailto:librairiemusicale@acj.be\" target=\"_blank\" rel=\"noopener\">librairiemusicale@acj.be<\/a><\/td>\n\t\t\t\t\t<td style=\"text-align: center;\" width=\"40%\">Belgium<\/td>\n\t\t\t\t<\/tr>\n\t\t\t\t\t\t\t\t\t\t\t<tr>\n\t\t\t\t<td style=\"text-align: left;\" width=\"60%\"><strong><a href=\"http:\/\/www.koorenstem.be\/\"> Koor & Stem <\/a> <\/strong><br>\n\t\t\t\t\tZirkstraat 36<br \/>\r\n2000 Antwerpen <br \/>\n\t\t\t\t\tTel. :+32 (0)3 237 96 43<br>\t\t\t\t\tFax. :+32 (0)3 248 16 05<br>\t\t\t\t\t<a href=\"mailto:info@koorenstem.be\" target=\"_blank\" rel=\"noopener\">info@koorenstem.be<\/a><\/td>\n\t\t\t\t\t<td style=\"text-align: center;\" width=\"40%\">Belgium<\/td>\n\t\t\t\t<\/tr>\n\t\t\t\t\t\t\t\t\t\t\t<tr>\n\t\t\t\t<td style=\"text-align: left;\" width=\"60%\"><strong><a href=\"http:\/\/www.chorales.ca\/\"> Alliance des Chorales du Qu\u00e9bec<\/a> <\/strong><br>\n\t\t\t\t\t4545, rue Pierre-De Coubertin C.P. 1000, succ. M<br \/>\r\nMontr\u00e9al (Qu\u00e9bec) H1V 3R2<br \/>\n\t\t\t\t\tTel. :(+1) 514 252-3020<br>\t\t\t\t\t\t\t\t\t\t<a href=\"mailto:information@chorale.qc.ca\" target=\"_blank\" rel=\"noopener\">information@chorale.qc.ca<\/a><\/td>\n\t\t\t\t\t<td style=\"text-align: center;\" width=\"40%\">Canada<\/td>\n\t\t\t\t<\/tr>\n\t\t\t\t\t\t\t\t\t\t\t<tr>\n\t\t\t\t<td style=\"text-align: left;\" width=\"60%\"><strong><a href=\"https:\/\/www.choiralberta.ca\/\"> Choir Alberta<\/a> <\/strong><br>\n\t\t\t\t\t5708 72 Street NW<br \/>\r\nEdmonton, AB  T6B 3J4<br \/>\n\t\t\t\t\tTel. :+1 780-488-7464 <br>\t\t\t\t\t\t\t\t\t\t<a href=\"mailto:info@choiralberta.ca\" target=\"_blank\" rel=\"noopener\">info@choiralberta.ca<\/a><\/td>\n\t\t\t\t\t<td style=\"text-align: center;\" width=\"40%\">Canada<\/td>\n\t\t\t\t<\/tr>\n\t\t\t\t\t\t\t\t\t\t\t<tr>\n\t\t\t\t<td style=\"text-align: left;\" width=\"60%\"><strong><a href=\"https:\/\/www.choralcanada.org\"> Choral Canada - Canada Choral<\/a> <\/strong><br>\n\t\t\t\t\t500 \u2013 59 Adelaide Street East<br \/>\r\nToronto ON M5C 1K6<br \/>\n\t\t\t\t\tTel. :+1 (647) 606-2467<br>\t\t\t\t\t\t\t\t\t\t<a href=\"mailto:info@choralcanada.org\" target=\"_blank\" rel=\"noopener\">info@choralcanada.org<\/a><\/td>\n\t\t\t\t\t<td style=\"text-align: center;\" width=\"40%\">Canada<\/td>\n\t\t\t\t<\/tr>\n\t\t\t\t\t\t\t\t\t\t\t<tr>\n\t\t\t\t<td style=\"text-align: left;\" width=\"60%\"><strong><a href=\"http:\/\/choralnl.ca\/\"> Choral NL \/ New Foundland & Labrador Choral Federation<\/a> <\/strong><br>\n\t\t\t\t\t<br \/>\n\t\t\t\t\t\t\t\t\t\t\t\t\t\t\t<a href=\"mailto:\" target=\"_blank\" rel=\"noopener\"><\/a><\/td>\n\t\t\t\t\t<td style=\"text-align: center;\" width=\"40%\">Canada<\/td>\n\t\t\t\t<\/tr>\n\t\t\t\t\t\t\t\t\t\t\t<tr>\n\t\t\t\t<td style=\"text-align: left;\" width=\"60%\"><strong><a href=\"https:\/\/www.mbchoralassociation.ca\"> Manitoba Choral Association<\/a> <\/strong><br>\n\t\t\t\t\tOL1 \u2013 500 Shaftesbury Blvd.<br \/>\r\nWinnipeg, MB R3P 2N2<br \/>\n\t\t\t\t\tTel. :+1 204 942-6037<br>\t\t\t\t\t\t\t\t\t\t<a href=\"mailto:info@mbchoralassociation.ca\" target=\"_blank\" rel=\"noopener\">info@mbchoralassociation.ca<\/a><\/td>\n\t\t\t\t\t<td style=\"text-align: center;\" width=\"40%\">Canada<\/td>\n\t\t\t\t<\/tr>\n\t\t\t\t\t\t\t\t\t\t\t<tr>\n\t\t\t\t<td style=\"text-align: left;\" width=\"60%\"><strong><a href=\"http:\/\/www.nscf.ca\/\"> Nova Scotia Choral Federation<\/a> <\/strong><br>\n\t\t\t\t\t1113 Marginal Road<br \/>\r\nHalifax, Nova Scotia<br \/>\r\nB3H 4P7<br \/>\n\t\t\t\t\tTel. :+1 (902) 423-4688<br>\t\t\t\t\t\t\t\t\t\t<a href=\"mailto:nscfadmin@nscf.ca\" target=\"_blank\" rel=\"noopener\">nscfadmin@nscf.ca<\/a><\/td>\n\t\t\t\t\t<td style=\"text-align: center;\" width=\"40%\">Canada<\/td>\n\t\t\t\t<\/tr>\n\t\t\t\t\t\t\t\t\t\t\t<tr>\n\t\t\t\t<td style=\"text-align: left;\" width=\"60%\"><strong><a href=\"https:\/\/www.saskchoral.ca\/\"> Saskatchewan Choral Federation<\/a> <\/strong><br>\n\t\t\t\t\t212 - 1860 Lorne Street<br \/>\r\nRegina SK S4P 2L7<br \/>\n\t\t\t\t\tTel. :+1 306.780.9230<br>\t\t\t\t\t\t\t\t\t\t<a href=\"mailto:information@saskchoral.ca\" target=\"_blank\" rel=\"noopener\">information@saskchoral.ca<\/a><\/td>\n\t\t\t\t\t<td style=\"text-align: center;\" width=\"40%\">Canada<\/td>\n\t\t\t\t<\/tr>\n\t\t\t\t\t\t\t\t\t\t\t<tr>\n\t\t\t\t<td style=\"text-align: left;\" width=\"60%\"><strong><a href=\"http:\/\/www.sulasol.fi\/\"> Sulasol<\/a> <\/strong><br>\n\t\t\t\t\tTallberginkatu 1 C 18<br \/>\r\nFI-00180 Helsinki<br \/>\n\t\t\t\t\tTel. :+358-10-8200-221<br>\t\t\t\t\t\t\t\t\t\t<a href=\"mailto:sales@sulasol.fi\" target=\"_blank\" rel=\"noopener\">sales@sulasol.fi<\/a><\/td>\n\t\t\t\t\t<td style=\"text-align: center;\" width=\"40%\">Finland<\/td>\n\t\t\t\t<\/tr>\n\t\t\t\t\t\t\t\t\t\t\t<tr>\n\t\t\t\t<td style=\"text-align: left;\" width=\"60%\"><strong><a href=\"http:\/\/www.choralies.org\/\"> A Coeur Joie - France<\/a> <\/strong><br>\n\t\t\t\t\tLes Passerelles - 24 Avenue Joann\u00e8s Masset<br \/>\r\nBP-9261 69264 LYON Cedex 09<br \/>\n\t\t\t\t\tTel. :(+33) (0)4 72 19 83 40<br>\t\t\t\t\tFax. :(+33) (0)4 78 43 43 98<br>\t\t\t\t\t<a href=\"mailto:secretariat@choralies.org\" target=\"_blank\" rel=\"noopener\">secretariat@choralies.org<\/a><\/td>\n\t\t\t\t\t<td style=\"text-align: center;\" width=\"40%\">France<\/td>\n\t\t\t\t<\/tr>\n\t\t\t\t\t\t\t\t\t\t\t<tr>\n\t\t\t\t<td style=\"text-align: left;\" width=\"60%\"><strong><a href=\"http:\/\/edacj.musicanet.org\/\"> Editions A Coeur Joie - France<\/a> <\/strong><br>\n\t\t\t\t\tBP-9151 F-69263 Lyon Cedex 09<br \/>\n\t\t\t\t\tTel. :(+33) (0)4 72 19 83 30<br>\t\t\t\t\tFax. :(+33) (0)4 72 53 01 94<br>\t\t\t\t\t<a href=\"mailto:editions@choralies.org\" target=\"_blank\" rel=\"noopener\">editions@choralies.org<\/a><\/td>\n\t\t\t\t\t<td style=\"text-align: center;\" width=\"40%\">France<\/td>\n\t\t\t\t<\/tr>\n\t\t\t\t\t\t\t\t\t\t\t<tr>\n\t\t\t\t<td style=\"text-align: left;\" width=\"60%\"><strong><a href=\"http:\/\/www.laboiteachansons.fr\"> La Boite \u00e0 Chansons<\/a> <\/strong><br>\n\t\t\t\t\t1 bis, cours Emile Zola <br \/>\r\nLe Loriot<br \/>\r\n05000 GAP<br \/>\n\t\t\t\t\tTel. :04 92 54 18 49<br>\t\t\t\t\t\t\t\t\t\t<a href=\"mailto:info@laboiteachansons.fr\" target=\"_blank\" rel=\"noopener\">info@laboiteachansons.fr<\/a><\/td>\n\t\t\t\t\t<td style=\"text-align: center;\" width=\"40%\">France<\/td>\n\t\t\t\t<\/tr>\n\t\t\t\t\t\t\t\t\t\t\t<tr>\n\t\t\t\t<td style=\"text-align: left;\" width=\"60%\"><strong><a href=\"http:\/\/www.union-sainte-cecile.org\/\"> Union Sainte-C\u00e9cile <\/a> <\/strong><br>\n\t\t\t\t\t15 rue des \u00c9crivains<br \/>\r\n67000 Strasbourg<br \/>\n\t\t\t\t\tTel. :(+33) (0)3 88 21 24 46<br>\t\t\t\t\tFax. :(+33) (0)3 88 36 00 23<br>\t\t\t\t\t<a href=\"mailto:contact@union-sainte-cecile.org\" target=\"_blank\" rel=\"noopener\">contact@union-sainte-cecile.org<\/a><\/td>\n\t\t\t\t\t<td style=\"text-align: center;\" width=\"40%\">France<\/td>\n\t\t\t\t<\/tr>\n\t\t\t\t\t\t\t\t\t\t\t<tr>\n\t\t\t\t<td style=\"text-align: left;\" width=\"60%\"><strong><a href=\"http:\/\/www.modmusik.de\/\"> Bayerische Musikakademie Marktoberdorf<\/a> <\/strong><br>\n\t\t\t\t\tKurf\u00fcrstenstr. 19, 87616<br \/>\r\nMarktoberdorf <br \/>\n\t\t\t\t\tTel. :(+49) 8342 96 180<br>\t\t\t\t\tFax. :(+49) 8342 40799<br>\t\t\t\t\t<a href=\"mailto:info@modakademie.de\" target=\"_blank\" rel=\"noopener\">info@modakademie.de<\/a><\/td>\n\t\t\t\t\t<td style=\"text-align: center;\" width=\"40%\">Germany<\/td>\n\t\t\t\t<\/tr>\n\t\t\t\t\t\t\t\t\t\t\t<tr>\n\t\t\t\t<td style=\"text-align: left;\" width=\"60%\"><strong><a href=\"http:\/\/www.edition-peters.de\/\"> C.F. Peters Ltd. & Co. KG<\/a> <\/strong><br>\n\t\t\t\t\tEdition Peters<br \/>\r\nTalstra\u00dfe 10<br \/>\r\n04103 Leipzig <br \/>\n\t\t\t\t\tTel. :+49 (0) 341 \/ 98 97 92 - 0 <br>\t\t\t\t\tFax. :+49 (0) 341 \/ 98 97 92 - 54 <br>\t\t\t\t\t<a href=\"mailto:info@edition-peters.de\" target=\"_blank\" rel=\"noopener\">info@edition-peters.de<\/a><\/td>\n\t\t\t\t\t<td style=\"text-align: center;\" width=\"40%\">Germany<\/td>\n\t\t\t\t<\/tr>\n\t\t\t\t\t\t\t\t\t\t\t<tr>\n\t\t\t\t<td style=\"text-align: left;\" width=\"60%\"><strong><a href=\"http:\/\/www.carus-verlag.com\/\"> Carus<\/a> <\/strong><br>\n\t\t\t\t\tSielminger Str. 51<br \/>\r\nD-70771 Lf.-Echterdingen <br \/>\n\t\t\t\t\tTel. :(+49) 711 797 33 00<br>\t\t\t\t\tFax. :(+49) 711 794 29 64<br>\t\t\t\t\t<a href=\"mailto:info@carus-verlag.com\" target=\"_blank\" rel=\"noopener\">info@carus-verlag.com<\/a><\/td>\n\t\t\t\t\t<td style=\"text-align: center;\" width=\"40%\">Germany<\/td>\n\t\t\t\t<\/tr>\n\t\t\t\t\t\t\t\t\t\t\t<tr>\n\t\t\t\t<td style=\"text-align: left;\" width=\"60%\"><strong><a href=\"https:\/\/www.choirmanager.com\/\"> Choir Manager, a service by G&L Gei\u00dfend\u00f6rfer & Leschinsky GmbH<\/a> <\/strong><br>\n\t\t\t\t\tMaarweg 149-161<br \/>\r\n50825 K\u00f6ln<br \/>\n\t\t\t\t\tTel. :0049 221 99809 0<br>\t\t\t\t\t\t\t\t\t\t<a href=\"mailto:leschinsky@choirmanager.com\" target=\"_blank\" rel=\"noopener\">leschinsky@choirmanager.com<\/a><\/td>\n\t\t\t\t\t<td style=\"text-align: center;\" width=\"40%\">Germany<\/td>\n\t\t\t\t<\/tr>\n\t\t\t\t\t\t\t\t\t\t\t<tr>\n\t\t\t\t<td style=\"text-align: left;\" width=\"60%\"><strong><a href=\"http:\/\/www.dcfc.de\/\"> Deutsches Centrum f\u00fcr Chormusik e.V.<\/a> <\/strong><br>\n\t\t\t\t\tSiegmund-Hiepe Str. 28-32<br \/>\r\nD-35579 Wetzlar<br \/>\n\t\t\t\t\tTel. :(+49) 64319717271<br>\t\t\t\t\t\t\t\t\t\t<a href=\"mailto:kontakt@chorwelt.info\" target=\"_blank\" rel=\"noopener\">kontakt@chorwelt.info<\/a><\/td>\n\t\t\t\t\t<td style=\"text-align: center;\" width=\"40%\">Germany<\/td>\n\t\t\t\t<\/tr>\n\t\t\t\t\t\t\t\t\t\t\t<tr>\n\t\t\t\t<td style=\"text-align: left;\" width=\"60%\"><strong><a href=\"https:\/\/www.musikalspezial.de\/\"> Edition Ferrimontana<\/a> <\/strong><br>\n\t\t\t\t\tMusikal Spezial - Annie Bank Edition<br \/>\r\nNauheimer Weg 5<br \/>\r\n61239 Ober - M\u00f6rlen<br \/>\n\t\t\t\t\tTel. :+49 (0)6002-930477<br>\t\t\t\t\tFax. :+49 (0)6002-930478<br>\t\t\t\t\t<a href=\"mailto:info@musikalspezial.de\" target=\"_blank\" rel=\"noopener\">info@musikalspezial.de<\/a><\/td>\n\t\t\t\t\t<td style=\"text-align: center;\" width=\"40%\">Germany<\/td>\n\t\t\t\t<\/tr>\n\t\t\t\t\t\t\t\t\t\t\t<tr>\n\t\t\t\t<td style=\"text-align: left;\" width=\"60%\"><strong><a href=\"http:\/\/www.ph-publishers.com\/\"> Porfiri & Horv\u00e1th Publishers<\/a> <\/strong><br>\n\t\t\t\t\tKonrad-Adenauer-Str. 36<br \/>\r\n35415 Pohlheim <br \/>\n\t\t\t\t\tTel. :+49 (0)6403-97842-25<br>\t\t\t\t\tFax. :+49 (0)6403-97612-49<br>\t\t\t\t\t<a href=\"mailto:mail@ph-publishers.com\" target=\"_blank\" rel=\"noopener\">mail@ph-publishers.com<\/a><\/td>\n\t\t\t\t\t<td style=\"text-align: center;\" width=\"40%\">Germany<\/td>\n\t\t\t\t<\/tr>\n\t\t\t\t\t\t\t\t\t\t\t<tr>\n\t\t\t\t<td style=\"text-align: left;\" width=\"60%\"><strong><a href=\"http:\/\/www.schott-music.com\/\"> Schott Music GmbH & Co KG<\/a> <\/strong><br>\n\t\t\t\t\tWeihergarten 5<br \/>\r\n55116 Mainz<br \/>\n\t\t\t\t\tTel. :+49 6131 246-0<br>\t\t\t\t\tFax. :+49 6131 246-211<br>\t\t\t\t\t<a href=\"mailto:info@schott-music.com\" target=\"_blank\" rel=\"noopener\">info@schott-music.com<\/a><\/td>\n\t\t\t\t\t<td style=\"text-align: center;\" width=\"40%\">Germany<\/td>\n\t\t\t\t<\/tr>\n\t\t\t\t\t\t\t\t\t\t\t<tr>\n\t\t\t\t<td style=\"text-align: left;\" width=\"60%\"><strong><a href=\"https:\/\/www.singireland.ie\/\"> Sing Ireland<\/a> <\/strong><br>\n\t\t\t\t\tIrish World Academy of Music and Dance<br \/>\r\nUniversity of Limerick, Ireland<br \/>\n\t\t\t\t\tTel. :+353 61 234 823 <br>\t\t\t\t\t\t\t\t\t\t<a href=\"mailto:info@singireland.ie\" target=\"_blank\" rel=\"noopener\">info@singireland.ie<\/a><\/td>\n\t\t\t\t\t<td style=\"text-align: center;\" width=\"40%\">Ireland<\/td>\n\t\t\t\t<\/tr>\n\t\t\t\t\t\t\t\t\t\t\t<tr>\n\t\t\t\t<td style=\"text-align: left;\" width=\"60%\"><strong><a href=\"http:\/\/www.feniarco.it\/\"> Feniarco<\/a> <\/strong><br>\n\t\t\t\t\tVia Altan, 83\/4 - 33078 <br \/>\r\nSan Vito al Tagliamento (PN)<br \/>\n\t\t\t\t\tTel. :+39 0434\/876724 <br>\t\t\t\t\tFax. :+39 0434\/877554<br>\t\t\t\t\t<a href=\"mailto: info@feniarco.it\" target=\"_blank\" rel=\"noopener\"> info@feniarco.it<\/a><\/td>\n\t\t\t\t\t<td style=\"text-align: center;\" width=\"40%\">Italy<\/td>\n\t\t\t\t<\/tr>\n\t\t\t\t\t\t\t\t\t\t\t<tr>\n\t\t\t\t<td style=\"text-align: left;\" width=\"60%\"><strong><a href=\"http:\/\/www.nzcf.org.nz\/\"> New Zealand Choral Federation National Office<\/a> <\/strong><br>\n\t\t\t\t\t2 Janet Place<br \/>\r\nLaingholm<br \/>\r\nAuckland 0604<br \/>\n\t\t\t\t\tTel. :021 154 6923<br>\t\t\t\t\t\t\t\t\t\t<a href=\"mailto:\" target=\"_blank\" rel=\"noopener\"><\/a><\/td>\n\t\t\t\t\t<td style=\"text-align: center;\" width=\"40%\">New Zealand<\/td>\n\t\t\t\t<\/tr>\n\t\t\t\t\t\t\t\t\t\t\t<tr>\n\t\t\t\t<td style=\"text-align: left;\" width=\"60%\"><strong><a href=\"http:\/\/www.mypcda.org\/\"> Philippine Choral Directors Association<\/a> <\/strong><br>\n\t\t\t\t\tc\/o Mr. Irvinne R. Redor (Secretary General)<br \/>\r\n58 Lanzones Street, Project 2<br \/>\r\n1102 Quezon City, Metro Manila<br \/>\n\t\t\t\t\tTel. :+63 917 847 5625<br>\t\t\t\t\t\t\t\t\t\t<a href=\"mailto:mypcda@yahoo.com\" target=\"_blank\" rel=\"noopener\">mypcda@yahoo.com<\/a><\/td>\n\t\t\t\t\t<td style=\"text-align: center;\" width=\"40%\">Philippines<\/td>\n\t\t\t\t<\/tr>\n\t\t\t\t\t\t\t\t\t\t\t<tr>\n\t\t\t\t<td style=\"text-align: left;\" width=\"60%\"><strong><a href=\"http:\/\/www.fcec.cat\/\"> Federaci\u00f3 Catalana d'Entitats Corals<\/a> <\/strong><br>\n\t\t\t\t\tVia Laietana, 54,<br \/>\r\n08003 Barcelona<br \/>\n\t\t\t\t\tTel. :(+34) 932 68 06 68<br>\t\t\t\t\t\t\t\t\t\t<a href=\"mailto:fcec@fcec.cat\" target=\"_blank\" rel=\"noopener\">fcec@fcec.cat<\/a><\/td>\n\t\t\t\t\t<td style=\"text-align: center;\" width=\"40%\">Spain<\/td>\n\t\t\t\t<\/tr>\n\t\t\t\t\t\t\t                            <tr>\n                                <td colspan=\"3\" class=\"border\"><div class=\"sep_titre\"><strong>AREMC : Association Romande des Editeurs de Musique Chorale (Suisse)<\/strong><\/div><\/td>\n                            <\/tr>\n                            <tr>\n                                <td style=\"text-align: left;\"><p><a class=\"recherche\" href=\"\/\/www.schola-editions.com\/accueil\/\" target=\"_blank\">Editions Musicales de la Schola Cantorum<\/a>,<br>\n                                        2a, rue du Sapin, BP 156<br>\n                                        2114 Fleurier<br>\n                                        T\u00e9l : +41 (0)32 861 37 19<br>\n\t\t\t\t\t\t\t\t\t\tFax : +41 (0)32 861 27 27<br>\n\t\t\t\t\t\t\t\t\t\tinfo@schola-editions.com\n                                    <\/p>\n\t\t\t\t\t\t\t\t<\/td>\n\t\t\t\t\t\t\t\t<td>Switzerland<\/td>\n                            <\/tr>\n                            <tr>\n                                <td style=\"text-align: left;\"><p><a class=\"recherche\" href=\"\/\/www.editions-vocalis.ch\" target=\"_blank\">Editions Vocalis<\/a>,<br>\n                                        Rte d'Hennens 29<br>\n                                        1681 Billens<br>\n\t\t\t\t\t\t\t\t\t\tT\u00e9l : +41794867474<br>\n\t\t\t\t\t\t\t\t\t\tinfos@editions-vocalis.ch <br>\n                                   \t \tcommandes@editions-vocalis.ch\n                                \t<\/p>\n\t\t\t\t\t\t\t\t<\/td>\n\t\t\t\t\t\t\t\t<td>Switzerland<\/td>\n                            <\/tr>\n                            <tr>\n                                <td style=\"text-align: left;\"><p><a class=\"recherche\" href=\"\/\/www.sympaphonie.ch\/\" target=\"_blank\">Sympaphonie Editions<\/a>,<br>\n                                        Rue Derri\u00e8re-Chapelle<br>\n                                        Case postale 407<br>\n                                        1530 Payerne<br>\n                                        T\u00e9l. : +41 (0)26 \/ 660 30 90<br>\n\t\t\t\t\t\t\t\t\t\tFax : +41 (0)26 \/ 660 30 66 <br>\n\t\t\t\t\t\t\t\t\t\toffice@sympaphonie.com \n                                    <\/p><\/td>\n\t\t\t\t\t\t\t\t<td>Switzerland<\/td>\n                            <\/tr>\n\t\t\t\t\t\t\t\t\t\t\t\t<tr>\n\t\t\t\t<td style=\"text-align: left;\" width=\"60%\"><strong><a href=\"https:\/\/www.choeur.ch\/avdc.html\"> Association Vaudoise des Directeurs de Choeurs<\/a> <\/strong><br>\n\t\t\t\t\tc\/o C\u00e9line Grandjean<br \/>\r\nCh. du Devin 71 <br \/>\r\n10012 Lausanne<br \/>\n\t\t\t\t\tTel. :+41794116103<br>\t\t\t\t\t\t\t\t\t\t<a href=\"mailto:info@choeur.ch\" target=\"_blank\" rel=\"noopener\">info@choeur.ch<\/a><\/td>\n\t\t\t\t\t<td style=\"text-align: center;\" width=\"40%\">Switzerland<\/td>\n\t\t\t\t<\/tr>\n\t\t\t\t\t\t\t\t\t\t\t<tr>\n\t\t\t\t<td style=\"text-align: left;\" width=\"60%\"><strong><a href=\"https:\/\/editions-henry-labatiaz.ch\/\"> Editions Musicales Henry Labatiaz<\/a> <\/strong><br>\n\t\t\t\t\tGrand-Rue 46<br \/>\r\n1890 St-Maurice<br \/>\n\t\t\t\t\tTel. :+41 24 485 24 80<br>\t\t\t\t\t\t\t\t\t\t<a href=\"mailto:info@editions-henry-labatiaz.ch\" target=\"_blank\" rel=\"noopener\">info@editions-henry-labatiaz.ch<\/a><\/td>\n\t\t\t\t\t<td style=\"text-align: center;\" width=\"40%\">Switzerland<\/td>\n\t\t\t\t<\/tr>\n\t\t\t\t\t\t\t\t\t\t\t<tr>\n\t\t\t\t<td style=\"text-align: left;\" width=\"60%\"><strong><a href=\"http:\/\/www.chant.ch\"> F\u00e9d\u00e9ration Fribourgeoise des Chorales (FFC)<\/a> <\/strong><br>\n\t\t\t\t\tCH - 1700 Fribourg<br \/>\n\t\t\t\t\tTel. :+41 79 230 89 54<br>\t\t\t\t\t\t\t\t\t\t<a href=\"mailto:ffc@chant.ch\" target=\"_blank\" rel=\"noopener\">ffc@chant.ch<\/a><\/td>\n\t\t\t\t\t<td style=\"text-align: center;\" width=\"40%\">Switzerland<\/td>\n\t\t\t\t<\/tr>\n\t\t\t\t\t\t\t\t\t\t\t<tr>\n\t\t\t\t<td style=\"text-align: left;\" width=\"60%\"><strong><a href=\"http:\/\/www.fondation-suisa.ch\/\"> Fondation Suisa pour la Musique<\/a> <\/strong><br>\n\t\t\t\t\tAv. du Grammont 11bis<br \/>\r\nCH-1007 Lausanne<br \/>\n\t\t\t\t\tTel. :+41 (0)21.614.32.70<br>\t\t\t\t\tFax. :+41 (0)21.614.32.79<br>\t\t\t\t\t<a href=\"mailto:urs.schnell@fondation-suisa.ch\" target=\"_blank\" rel=\"noopener\">urs.schnell@fondation-suisa.ch<\/a><\/td>\n\t\t\t\t\t<td style=\"text-align: center;\" width=\"40%\">Switzerland<\/td>\n\t\t\t\t<\/tr>\n\t\t\t\t\t\t\t\t\t\t\t<tr>\n\t\t\t\t<td style=\"text-align: left;\" width=\"60%\"><strong><a href=\"http:\/\/www.usc-scv.ch\/\"> Union Suisse des Chorales \/ Schweizerische Chorvereinigung<\/a> <\/strong><br>\n\t\t\t\t\tSecr\u00e9tariat g\u00e9n\u00e9ral \/ Generalsekretariat<br \/>\r\nHaus der Musik, G\u00f6nhardweg 32<br \/>\r\n5000 Aarau<br \/>\n\t\t\t\t\tTel. :+41 (0)62 824 54 04<br>\t\t\t\t\tFax. :+41 (0)62 824 54 06<br>\t\t\t\t\t<a href=\"mailto:scv@usc-scv.ch\" target=\"_blank\" rel=\"noopener\">scv@usc-scv.ch<\/a><\/td>\n\t\t\t\t\t<td style=\"text-align: center;\" width=\"40%\">Switzerland<\/td>\n\t\t\t\t<\/tr>\n\t\t\t\t\t\t\t\t\t\t\t<tr>\n\t\t\t\t<td style=\"text-align: left;\" width=\"60%\"><strong><a href=\"http:\/\/www.korokulturu.com\"> Koro K\u00fclt\u00fcr\u00fc Dernegi<\/a> <\/strong><br>\n\t\t\t\t\tS?ahkulu Mah.<br \/>\r\nSerdar-? Ekrem Sok. <br \/>\r\nNo:15\/A Beyo?lu, Istanbul \/ TR<br \/>\n\t\t\t\t\t\t\t\t\t\t\t\t\t\t\t<a href=\"mailto:info@korokulturu.org\" target=\"_blank\" rel=\"noopener\">info@korokulturu.org<\/a><\/td>\n\t\t\t\t\t<td style=\"text-align: center;\" width=\"40%\">Turkey<\/td>\n\t\t\t\t<\/tr>\n\t\t\t\t\t\t\t\t\t\t\t<tr>\n\t\t\t\t<td style=\"text-align: left;\" width=\"60%\"><strong><a href=\"http:\/\/www.editionpeters.com\/\"> Edition Peters Group<\/a> <\/strong><br>\n\t\t\t\t\tLondon Office<br \/>\n\t\t\t\t\tTel. :+44 (0)20 7553 4000<br>\t\t\t\t\t\t\t\t\t\t<a href=\"mailto:sales@editionpeters.com\" target=\"_blank\" rel=\"noopener\">sales@editionpeters.com<\/a><\/td>\n\t\t\t\t\t<td style=\"text-align: center;\" width=\"40%\">United Kingdom<\/td>\n\t\t\t\t<\/tr>\n\t\t\t\t\t\t\t\t\t\t\t<tr>\n\t\t\t\t<td style=\"text-align: left;\" width=\"60%\"><strong><a href=\"https:\/\/www.makingmusic.org.uk\/\"> Making Music<\/a> <\/strong><br>\n\t\t\t\t\t8 Holyrood Street<br \/>\r\nLondon, SE1 2EL<br \/>\n\t\t\t\t\tTel. :+44 20 7939 6030<br>\t\t\t\t\t\t\t\t\t\t<a href=\"mailto:info@makingmusic.org.uk \" target=\"_blank\" rel=\"noopener\">info@makingmusic.org.uk <\/a><\/td>\n\t\t\t\t\t<td style=\"text-align: center;\" width=\"40%\">United Kingdom<\/td>\n\t\t\t\t<\/tr>\n\t\t\t\t\t\t\t\t\t\t\t<tr>\n\t\t\t\t<td style=\"text-align: left;\" width=\"60%\"><strong><a href=\"http:\/\/acda.org\"> American Choral Directors Association (ACDA)<\/a> <\/strong><br>\n\t\t\t\t\t545 Couch Drive<br \/>\r\nOklahoma City, Oklahoma<br \/>\r\n73102-2207<br \/>\n\t\t\t\t\tTel. :(+1) 405 232-8161<br>\t\t\t\t\tFax. :(+1) 405 232-8162<br>\t\t\t\t\t<a href=\"mailto:acda@acda.org\" target=\"_blank\" rel=\"noopener\">acda@acda.org<\/a><\/td>\n\t\t\t\t\t<td style=\"text-align: center;\" width=\"40%\">USA<\/td>\n\t\t\t\t<\/tr>\n\t\t\t\t\t\t\t\t\t\t\t<tr>\n\t\t\t\t<td style=\"text-align: left;\" width=\"60%\"><strong><a href=\"http:\/\/www.editionpeters.com\/\"> Edition Peters Group<\/a> <\/strong><br>\n\t\t\t\t\tNew York Office<br \/>\n\t\t\t\t\tTel. :1 (718) 416 7800<br>\t\t\t\t\t\t\t\t\t\t<a href=\"mailto:sales@cfpeters-ny.com\" target=\"_blank\" rel=\"noopener\">sales@cfpeters-ny.com<\/a><\/td>\n\t\t\t\t\t<td style=\"text-align: center;\" width=\"40%\">USA<\/td>\n\t\t\t\t<\/tr>\n\t\t\t\t\t\t\t\t\t\t\t<tr>\n\t\t\t\t<td style=\"text-align: left;\" width=\"60%\"><strong><a href=\"https:\/\/www.rider.edu\/wcc\"> Westminster Choir College of Rider University<\/a> <\/strong><br>\n\t\t\t\t\t101 Walnut Lane<br \/>\r\nPrinceton, NJ 08540<br \/>\n\t\t\t\t\tTel. :+1 609-921-7100<br>\t\t\t\t\t\t\t\t\t\t<a href=\"mailto:\" target=\"_blank\" rel=\"noopener\"><\/a><\/td>\n\t\t\t\t\t<td style=\"text-align: center;\" width=\"40%\">USA<\/td>\n\t\t\t\t<\/tr>\n\t\t\t\t\t\t\t\t\t\t\t<tr>\n\t\t\t\t<td style=\"text-align: left;\" width=\"60%\"><strong><a href=\"http:\/\/www.fundacionscholacantorum.com\/\"> Schola Cantorum de Caracas<\/a> <\/strong><br>\n\t\t\t\t\tApartado 328 Carmelitas<br \/>\r\nVenezuela - 1010 Caracas<br \/>\n\t\t\t\t\tTel. :(+582) 564 6362<br>\t\t\t\t\tFax. :(+582) 564 8748<br>\t\t\t\t\t<a href=\"mailto:fundascc@telcel.net.ve\" target=\"_blank\" rel=\"noopener\">fundascc@telcel.net.ve<\/a><\/td>\n\t\t\t\t\t<td style=\"text-align: center;\" width=\"40%\">Venezuela<\/td>\n\t\t\t\t<\/tr>\n\t\t\t\t\t<\/tbody>\n\t<\/table>\n\t\n<p>[\/et_pb_text][\/et_pb_column][et_pb_column type=&#8221;1_3&#8243; _builder_version=&#8221;3.25&#8243; custom_padding=&#8221;|||&#8221; custom_padding__hover=&#8221;|||&#8221;][et_pb_sidebar orientation=&#8221;right&#8221; area=&#8221;sidebar-main&#8221; show_border=&#8221;off&#8221; admin_label=&#8221;Sidebar&#8221; _builder_version=&#8221;3.0.74&#8243; remove_border=&#8221;on&#8221;][\/et_pb_sidebar][\/et_pb_column][\/et_pb_row][\/et_pb_section]<\/p>\n","protected":false},"excerpt":{"rendered":"<p>\ue0fc Active members You can become an active member For choral federations, for music libraries, for publishers having more than 500 titles of choral music in their catalogue, and for foundations, the best solution is to be an active member. You will actively participate in the life and in the development of the association. You [&hellip;]<\/p>\n","protected":false},"author":1,"featured_media":0,"parent":2372,"menu_order":0,"comment_status":"closed","ping_status":"closed","template":"page-template-fullwidth.php","meta":{"_et_pb_use_builder":"on","_et_pb_old_content":"","_et_gb_content_width":"","footnotes":""},"class_list":["post-2443","page","type-page","status-publish","hentry"],"_links":{"self":[{"href":"https:\/\/www.musicanet.org\/en\/wp-json\/wp\/v2\/pages\/2443","targetHints":{"allow":["GET"]}}],"collection":[{"href":"https:\/\/www.musicanet.org\/en\/wp-json\/wp\/v2\/pages"}],"about":[{"href":"https:\/\/www.musicanet.org\/en\/wp-json\/wp\/v2\/types\/page"}],"author":[{"embeddable":true,"href":"https:\/\/www.musicanet.org\/en\/wp-json\/wp\/v2\/users\/1"}],"replies":[{"embeddable":true,"href":"https:\/\/www.musicanet.org\/en\/wp-json\/wp\/v2\/comments?post=2443"}],"version-history":[{"count":1,"href":"https:\/\/www.musicanet.org\/en\/wp-json\/wp\/v2\/pages\/2443\/revisions"}],"predecessor-version":[{"id":11710,"href":"https:\/\/www.musicanet.org\/en\/wp-json\/wp\/v2\/pages\/2443\/revisions\/11710"}],"up":[{"embeddable":true,"href":"https:\/\/www.musicanet.org\/en\/wp-json\/wp\/v2\/pages\/2372"}],"wp:attachment":[{"href":"https:\/\/www.musicanet.org\/en\/wp-json\/wp\/v2\/media?parent=2443"}],"curies":[{"name":"wp","href":"https:\/\/api.w.org\/{rel}","templated":true}]}}