{"id":2875,"date":"2017-09-15T12:59:24","date_gmt":"2017-09-15T10:59:24","guid":{"rendered":"http:\/\/new.musicanet.org\/mitglieder\/fordernde-mitglieder\/"},"modified":"2023-04-11T10:28:36","modified_gmt":"2023-04-11T08:28:36","slug":"fordernde-mitglieder","status":"publish","type":"page","link":"https:\/\/www.musicanet.org\/de\/mitglieder\/fordernde-mitglieder\/","title":{"rendered":"F\u00f6rdernde Mitglieder"},"content":{"rendered":"<p>[et_pb_section fb_built=&#8220;1&#8243; _builder_version=&#8220;3.22&#8243; background_color=&#8220;rgba(236,240,245,0)&#8220; parallax=&#8220;on&#8220; custom_padding=&#8220;0px||0px|&#8220;][et_pb_row column_structure=&#8220;2_3,1_3&#8243; use_custom_gutter=&#8220;on&#8220; gutter_width=&#8220;2&#8243; _builder_version=&#8220;4.8.2&#8243; background_size=&#8220;initial&#8220; background_position=&#8220;top_left&#8220; background_repeat=&#8220;repeat&#8220; custom_padding=&#8220;||||false|false&#8220; make_fullwidth=&#8220;off&#8220; use_custom_width=&#8220;off&#8220; width_unit=&#8220;on&#8220;][et_pb_column type=&#8220;2_3&#8243; _builder_version=&#8220;3.25&#8243; custom_padding=&#8220;|||&#8220; custom_padding__hover=&#8220;|||&#8220;][et_pb_text admin_label=&#8220;Membres contributeurs (titre)&#8220; _builder_version=&#8220;4.9.10&#8243; text_font=&#8220;|||on|&#8220; text_text_color=&#8220;#FFFFFF&#8220; text_font_size=&#8220;18px&#8220; header_font=&#8220;|||on|&#8220; header_text_color=&#8220;#FFFFFF&#8220; header_font_size=&#8220;18px&#8220; header_line_height=&#8220;1.6em&#8220; background_color=&#8220;#ffffff&#8220; use_background_color_gradient=&#8220;on&#8220; background_color_gradient_start=&#8220;#f07125&#8243; background_color_gradient_end=&#8220;#f9aa44&#8243; background_color_gradient_direction=&#8220;68deg&#8220; background_size=&#8220;initial&#8220; background_position=&#8220;top_left&#8220; background_repeat=&#8220;repeat&#8220; custom_margin=&#8220;||0px||false|false&#8220; custom_padding=&#8220;20px|20px|5px|20px&#8220; hover_enabled=&#8220;0&#8243; text_text_shadow_style=&#8220;preset2&#8243; text_text_shadow_horizontal_length=&#8220;0.09em&#8220; text_text_shadow_vertical_length=&#8220;0.09em&#8220; text_text_shadow_blur_strength=&#8220;0.06em&#8220; border_radii=&#8220;off|5px|5px||&#8220; border_width_top=&#8220;1px&#8220; border_color_top=&#8220;rgba(229,85,0,0.9)&#8220; border_width_right=&#8220;1px&#8220; border_width_left=&#8220;1px&#8220; box_shadow_style=&#8220;preset2&#8243; box_shadow_horizontal=&#8220;3px&#8220; box_shadow_vertical=&#8220;3px&#8220; box_shadow_blur=&#8220;4px&#8220; box_shadow_color=&#8220;rgba(0,0,0,0.15)&#8220; border_style=&#8220;solid&#8220; saved_tabs=&#8220;all&#8220; sticky_enabled=&#8220;0&#8243;]<\/p>\n<p><span class=\"et-pb-icon et-waypoint et_pb_animation_top et-animated\" style=\"color: #ffffff; margin-right: 20px;\">\ue0fc<\/span><\/p>\n<h1>F\u00f6rdernde Mitglieder<\/h1>\n<p>[\/et_pb_text][et_pb_text admin_label=&#8220;Membres contributeurs&#8220; _builder_version=&#8220;4.9.10&#8243; background_color=&#8220;#ffffff&#8220; custom_margin=&#8220;0px||20px||false|false&#8220; custom_padding=&#8220;16px|30px|20px|30px|false|false&#8220; hover_enabled=&#8220;0&#8243; custom_css_main_element=&#8220;border-top: 0px;&#8220; border_color=&#8220;#e02b20&#8243; border_width=&#8220;4px&#8220; border_style=&#8220;solid&#8220; text_orientation=&#8220;justified&#8220; border_radii=&#8220;off|||5px|5px&#8220; border_width_all=&#8220;1px&#8220; border_color_all=&#8220;RGBA(240,113,37,0.6)&#8220; border_width_top=&#8220;0px&#8220; box_shadow_style=&#8220;preset2&#8243; box_shadow_horizontal=&#8220;3px&#8220; box_shadow_vertical=&#8220;3px&#8220; box_shadow_blur=&#8220;4px&#8220; box_shadow_color=&#8220;RGBA(0,0,0,0.15)&#8220; sticky_enabled=&#8220;0&#8243;]<\/p>\n<h3>Sie k\u00f6nnen f\u00f6rderndes Mitglied werden<\/h3>\n<p style=\"text-indent: 20px; margin-bottom: 0px;\">Geeignet f\u00fcr kleinere Verlage, Ch\u00f6re mit professionellem Niveau, Musikfachhandel.<\/p>\n<p style=\"text-indent: 20px;\">Jedes f\u00f6rderndes Mitglied erh\u00e4lt Komplettzugang. Der Name wird mit der Bezeichnung f\u00f6rderndes Mitglied auf der Webside ver\u00f6ffentlicht und kommt in den Genuss der den f\u00f6rdernde Mitgliedern vorbehaltenen Rechte.<\/p>\n<div class=\"et_pb_button_module_wrapper et_pb_button_1_wrapper et_pb_button_alignment_center et_pb_module \"><a class=\"et_pb_button et_pb_button_1 et_pb_bg_layout_light\" href=\"https:\/\/www.musicanet.org\/de\/mitglieder\/mitglied-werden\/\">Mehr Informationen <\/a><\/div>\n<p>&nbsp;<\/p>\n<table width=\"100%\">\n<tbody>\n<tr>\n<td style=\"text-align: left;\" width=\"60%\"><strong><a href=\"http:\/\/www.noe-chorverband.at\/\"> Chorverband N\u00d6 und Wien<\/a> <\/strong><br \/>Postfach 69<br \/>3109 St. P\u00f6lten<br \/>Tel. :+43 2742 9005 15141<br \/>Fax. :+43 2742 9005 15158<br \/><a href=\"mailto:office@noe-chorverband.at\" target=\"_blank\" rel=\"noopener\">office@noe-chorverband.at<\/a><\/td>\n<td style=\"text-align: center;\" width=\"40%\">Austria<\/td>\n<\/tr>\n<tr>\n<td style=\"text-align: left;\" width=\"60%\"><strong><a href=\"http:\/\/cypresschoral.com\/Composers\/Home.html\"> Cypress Choral Music<\/a> <\/strong><br \/>Dr. Larry Nickel, CEO, editor<br \/>Diane Loomer, C.M., founder<br \/>1702- 1408 Strathmore Mews<br \/>Vancouver, B.C., V6Z 3A9<br \/>Tel. :604-221-1608<br \/><a href=\"mailto:larrynickel@mac.com\" target=\"_blank\" rel=\"noopener\">larrynickel@mac.com<\/a><\/td>\n<td style=\"text-align: center;\" width=\"40%\">Canada<\/td>\n<\/tr>\n<tr>\n<td style=\"text-align: left;\" width=\"60%\"><strong><a href=\"http:\/\/www.musicfolder.com\/\"> Small World MUSICFOLDER.com Inc.<\/a> <\/strong><br \/>RPO Granville Park, Canada &#8211; V6H 4B9 Vancouver BC<br \/>Tel. :+1 604 733-3995<br \/>Fax. :+1 604 733-3995<br \/><a href=\"mailto:sales@musicfolder.com\" target=\"_blank\" rel=\"noopener\">sales@musicfolder.com<\/a><\/td>\n<td style=\"text-align: center;\" width=\"40%\">Canada<\/td>\n<\/tr>\n<tr>\n<td style=\"text-align: left;\" width=\"60%\"><strong><a href=\"http:\/\/www.accentus.fr\/\"> accentus<\/a> <\/strong><br \/>23 rue d&#8217;Anjou 75008 Paris<br \/>Tel. :+ 33 (0)1 42 46 22 00<br \/>Fax. :+33 (0)1 42 46 13 03<br \/><a href=\"mailto:info@accentus.fr\" target=\"_blank\" rel=\"noopener\">info@accentus.fr<\/a><\/td>\n<td style=\"text-align: center;\" width=\"40%\">France<\/td>\n<\/tr>\n<tr>\n<td style=\"text-align: left;\" width=\"60%\"><strong><a href=\"http:\/\/www.arpeges-armand-meyer.fr\/\"> Arp\u00e8ges \u2013 Armand Meyer<\/a> <\/strong><br \/>21 rue de Lausanne<br \/>67000 Strasbourg<br \/>Tel. :+33 3 88 15 00 15<br \/>Fax. :+33 3 88 15 00 19<br \/><a href=\"mailto:walter@arpeges-am.fr\" target=\"_blank\" rel=\"noopener\">walter@arpeges-am.fr<\/a><\/td>\n<td style=\"text-align: center;\" width=\"40%\">France<\/td>\n<\/tr>\n<tr>\n<td style=\"text-align: left;\" width=\"60%\"><strong><a href=\"https:\/\/www.fortin-armiane.fr\/\"> Editions Fortin-Armiane<\/a> <\/strong><br \/>16 rue Ganneron<br \/>75018 Paris<br \/>France<br \/>Tel. :+33 (0)1 48 74 28 21<br \/><a href=\"mailto:editions@fortin-armiane.fr\" target=\"_blank\" rel=\"noopener\">editions@fortin-armiane.fr<\/a><\/td>\n<td style=\"text-align: center;\" width=\"40%\">France<\/td>\n<\/tr>\n<tr>\n<td style=\"text-align: left;\" width=\"60%\"><strong><a href=\"http:\/\/www.artchipel.net\/\"> Editions Musicales Artchipel<\/a> <\/strong><br \/>1 rue des marronniers<br \/>77250 Villemer<br \/>France<br \/>Tel. : +33 164 23 36 77<br \/><a href=\"mailto:info@artchipel.net\" target=\"_blank\" rel=\"noopener\"> info@artchipel.net<\/a><\/td>\n<td style=\"text-align: center;\" width=\"40%\">France<\/td>\n<\/tr>\n<tr>\n<td style=\"text-align: left;\" width=\"60%\"><strong><a href=\"https:\/\/www.archiv-frau-musik.de\/\"> Archiv Frau und Musik<\/a> <\/strong><br \/>Heinrich-Hoffmann-Stra\u00dfe 3<br \/>60528 Frankfurt am Main<br \/>Tel. :+49 69 95928685<br \/><a href=\"mailto:info@archiv-frau-musik.de\" target=\"_blank\" rel=\"noopener\">info@archiv-frau-musik.de<\/a><\/td>\n<td style=\"text-align: center;\" width=\"40%\">Germany<\/td>\n<\/tr>\n<tr>\n<td style=\"text-align: left;\" width=\"60%\"><strong><a href=\"http:\/\/www.camerloher-gymnasium.de\/\"> Camerloher-Gymnasium Freising<\/a> <\/strong><br \/>Wippenhauser Str. 51<br \/>D-85354 Freising<br \/>Tel. :(+49) 8161 5475-0<br \/>Fax. :(+49) 8161 3091<br \/><a href=\"mailto:gunther.brennich@t-online.de\" target=\"_blank\" rel=\"noopener\">gunther.brennich@t-online.de<\/a><\/td>\n<td style=\"text-align: center;\" width=\"40%\">Germany<\/td>\n<\/tr>\n<tr>\n<td style=\"text-align: left;\" width=\"60%\"><strong><a href=\"http:\/\/www.dfc-cfa.org\/\"> F\u00e9d\u00e9ration des Chorales Franco-Allemandes \/ Verband der Deutsch-Franz\u00f6sischen Ch\u00f6re<\/a> <\/strong><br \/>Berghovenerstra\u00dfe 68, Allemagne &#8211; 53227 Bonn<br \/>Tel. :+49(0)228.9573-10<br \/>Fax. :+49(0)228.9573-222<br \/><a href=\"mailto:president@cfa-dfc.org\" target=\"_blank\" rel=\"noopener\">president@cfa-dfc.org<\/a><\/td>\n<td style=\"text-align: center;\" width=\"40%\">Germany<\/td>\n<\/tr>\n<tr>\n<td style=\"text-align: left;\" width=\"60%\"><strong><a href=\"https:\/\/www.goldberg-verlag.com\/\"> Goldberg Musikeditionen<\/a> <\/strong><br \/>Saalburgallee 30 E<br \/>60385 Frankfurt<br \/>Tel. :+49 178 69 39 789<br \/><a href=\"mailto:info@goldberg-verlag.com\" target=\"_blank\" rel=\"noopener\">info@goldberg-verlag.com<\/a><\/td>\n<td style=\"text-align: center;\" width=\"40%\">Germany<\/td>\n<\/tr>\n<tr>\n<td style=\"text-align: left;\" width=\"60%\"><strong><a href=\"http:\/\/www.corkchoral.ie\"> Cork International Choral Festival<\/a> <\/strong><br \/>Civic Trust House<br \/>50 Pope\u2019s Quay<br \/>Cork, Ireland<br \/>Tel. :+353 (0)21 4215125<br \/>Fax. :+353 (0)21 4215192<br \/><a href=\"mailto:info@corkchoral.ie\" target=\"_blank\" rel=\"noopener\">info@corkchoral.ie<\/a><\/td>\n<td style=\"text-align: center;\" width=\"40%\">Ireland<\/td>\n<\/tr>\n<tr>\n<td style=\"text-align: left;\" width=\"60%\"><strong><a href=\"http:\/\/www.musicabaltica.com\/\"> Musica Baltica<\/a> <\/strong><br \/>Kr. Barona 39-1<br \/>1011 Riga<br \/>Lettonie<br \/>Tel. :+371 67 275575<br \/>Fax. :+371 67 272755<br \/><a href=\"mailto:musbalt@latnet.lv\" target=\"_blank\" rel=\"noopener\">musbalt@latnet.lv<\/a><\/td>\n<td style=\"text-align: center;\" width=\"40%\">Latvia<\/td>\n<\/tr>\n<tr>\n<td style=\"text-align: left;\" width=\"60%\"><strong><a href=\"http:\/\/www.jskd.si\/\"> Javni sklad Republike Slovenije za kulturne dejavnosti \/ Public Fund of the Republic of Slovenia for Cultural Activities<\/a> <\/strong><br \/>\u0160tefanova 5<br \/>1000 Ljubljana<br \/>Slovenija<br \/><a href=\"mailto:musica@jskd.si\" target=\"_blank\" rel=\"noopener\">musica@jskd.si<\/a><\/td>\n<td style=\"text-align: center;\" width=\"40%\">Slovenia<\/td>\n<\/tr>\n<tr>\n<td style=\"text-align: left;\" width=\"60%\"><strong><a href=\"http:\/\/www.ejeby.se\"> Bo Ejeby F\u00f6rlag<\/a> <\/strong><br \/>Bo Ejeby f\u00f6rlag<br \/>Box 31036<br \/>SE-400 32 Gothenburg<br \/>SWEDEN<br \/><a href=\"mailto:bo@ejeby.se\" target=\"_blank\" rel=\"noopener\">bo@ejeby.se<\/a><\/td>\n<td style=\"text-align: center;\" width=\"40%\">Sweden<\/td>\n<\/tr>\n<tr>\n<td style=\"text-align: left;\" width=\"60%\"><strong><a href=\"http:\/\/acj-suisse.ch\/\"> A Coeur Joie Suisse<\/a> <\/strong><br \/>rue des Philosophes 31<br \/>CH-1400 YVERDON-LES-BAINS<br \/>Tel. :+41 24 459 12 80<br \/>Fax. :+41 78 783 38 44<br \/><a href=\"mailto:info@acoeurjoie.ch\" target=\"_blank\" rel=\"noopener\"> info@acoeurjoie.ch<\/a><\/td>\n<td style=\"text-align: center;\" width=\"40%\">Switzerland<\/td>\n<\/tr>\n<tr>\n<td style=\"text-align: left;\" width=\"60%\"><strong><a href=\"http:\/\/www.ejcf.ch\/\"> Europ\u00e4isches Jugendchor Festival Basel<\/a> <\/strong><br \/>c\/o Settelen AG<br \/>Postfach<br \/>T\u00fcrkheimerstrasse 17<br \/>CH-4055 Basel<br \/>Tel. :+41 61 401 21 00<br \/>Fax. :+41 61 401 21 04<br \/><a href=\"mailto:info@ejcf.ch\" target=\"_blank\" rel=\"noopener\">info@ejcf.ch<\/a><\/td>\n<td style=\"text-align: center;\" width=\"40%\">Switzerland<\/td>\n<\/tr>\n<tr>\n<td style=\"text-align: left;\" width=\"60%\"><strong><a href=\"http:\/\/www.musikhug.ch\/\"> Musik Hug<\/a> <\/strong><br \/>Limmatquai 28-30<br \/>Suisse &#8211; 8001 Zurich<br \/>Tel. :+41 44 269 41 24<br \/>Fax. :+41 44 269 41 05<br \/><a href=\"mailto:musikalien@musikhug.ch\" target=\"_blank\" rel=\"noopener\">musikalien@musikhug.ch<\/a><\/td>\n<td style=\"text-align: center;\" width=\"40%\">Switzerland<\/td>\n<\/tr>\n<tr>\n<td style=\"text-align: left;\" width=\"60%\"><strong><a href=\"http:\/\/www.lindsaymusic.co.uk\/\"> Lindsay Music<\/a> <\/strong><br \/>24 Royston Street<br \/>POTTON<br \/>Bedfordshire,<br \/>SG19 2LP, UK<br \/>Tel. :+44 (0)1767-260815<br \/>Fax. :+44 (0)1767-261729<br \/><a href=\"mailto:sales@lindsaymusic.co.uk\" target=\"_blank\" rel=\"noopener\">sales@lindsaymusic.co.uk <\/a><\/td>\n<td style=\"text-align: center;\" width=\"40%\">United Kingdom<\/td>\n<\/tr>\n<tr>\n<td style=\"text-align: left;\" width=\"60%\"><strong><a href=\"http:\/\/www.earthsongschoralmusic.com\"> Earthsongs<\/a> <\/strong><br \/>1030 NW Cleveland Ave<br \/>Corvallis, OR 97330<br \/>USA<br \/>Tel. :+1.541-758-5760<br \/><a href=\"mailto:email@earthsongschoralmusic.com\" target=\"_blank\" rel=\"noopener\">email@earthsongschoralmusic.com<\/a><\/td>\n<td style=\"text-align: center;\" width=\"40%\">USA<\/td>\n<\/tr>\n<\/tbody>\n<\/table>\n<p>&nbsp;<\/p>\n<p>[\/et_pb_text][\/et_pb_column][et_pb_column type=&#8220;1_3&#8243; _builder_version=&#8220;3.25&#8243; custom_padding=&#8220;|||&#8220; custom_padding__hover=&#8220;|||&#8220;][et_pb_sidebar orientation=&#8220;right&#8220; area=&#8220;sidebar-main&#8220; show_border=&#8220;off&#8220; admin_label=&#8220;Sidebar&#8220; _builder_version=&#8220;3.0.74&#8243; remove_border=&#8220;on&#8220;][\/et_pb_sidebar][\/et_pb_column][\/et_pb_row][\/et_pb_section]<\/p>\n","protected":false},"excerpt":{"rendered":"<p>\ue0fc F\u00f6rdernde Mitglieder Sie k\u00f6nnen f\u00f6rderndes Mitglied werden Geeignet f\u00fcr kleinere Verlage, Ch\u00f6re mit professionellem Niveau, Musikfachhandel. Jedes f\u00f6rderndes Mitglied erh\u00e4lt Komplettzugang. Der Name wird mit der Bezeichnung f\u00f6rderndes Mitglied auf der Webside ver\u00f6ffentlicht und kommt in den Genuss der den f\u00f6rdernde Mitgliedern vorbehaltenen Rechte. Mehr Informationen &nbsp; Chorverband N\u00d6 und Wien Postfach 693109 St. [&hellip;]<\/p>\n","protected":false},"author":1,"featured_media":0,"parent":2614,"menu_order":0,"comment_status":"closed","ping_status":"closed","template":"page-template-fullwidth.php","meta":{"_et_pb_use_builder":"on","_et_pb_old_content":"","_et_gb_content_width":"","footnotes":""},"class_list":["post-2875","page","type-page","status-publish","hentry"],"_links":{"self":[{"href":"https:\/\/www.musicanet.org\/de\/wp-json\/wp\/v2\/pages\/2875","targetHints":{"allow":["GET"]}}],"collection":[{"href":"https:\/\/www.musicanet.org\/de\/wp-json\/wp\/v2\/pages"}],"about":[{"href":"https:\/\/www.musicanet.org\/de\/wp-json\/wp\/v2\/types\/page"}],"author":[{"embeddable":true,"href":"https:\/\/www.musicanet.org\/de\/wp-json\/wp\/v2\/users\/1"}],"replies":[{"embeddable":true,"href":"https:\/\/www.musicanet.org\/de\/wp-json\/wp\/v2\/comments?post=2875"}],"version-history":[{"count":0,"href":"https:\/\/www.musicanet.org\/de\/wp-json\/wp\/v2\/pages\/2875\/revisions"}],"up":[{"embeddable":true,"href":"https:\/\/www.musicanet.org\/de\/wp-json\/wp\/v2\/pages\/2614"}],"wp:attachment":[{"href":"https:\/\/www.musicanet.org\/de\/wp-json\/wp\/v2\/media?parent=2875"}],"curies":[{"name":"wp","href":"https:\/\/api.w.org\/{rel}","templated":true}]}}